{"id":641,"date":"2010-05-26T17:46:39","date_gmt":"2010-05-26T15:46:39","guid":{"rendered":"http:\/\/magyar-autosport.hu\/gabortim2010\/?page_id=641"},"modified":"2022-04-09T16:43:47","modified_gmt":"2022-04-09T14:43:47","slug":"eredmenyek2020","status":"publish","type":"page","link":"http:\/\/timgabor.hu\/en\/eredmenyek2020\/","title":{"rendered":"Eredm\u00e9nyek 2010-2013"},"content":{"rendered":"<div data-elementor-type=\"wp-page\" data-elementor-id=\"641\" class=\"elementor elementor-641\" data-elementor-post-type=\"page\">\n\t\t\t\t\t\t<section class=\"elementor-section elementor-top-section elementor-element elementor-element-61c679a3 elementor-section-boxed elementor-section-height-default elementor-section-height-default\" data-id=\"61c679a3\" data-element_type=\"section\" data-e-type=\"section\">\n\t\t\t\t\t\t<div class=\"elementor-container elementor-column-gap-default\">\n\t\t\t\t\t<div class=\"elementor-column elementor-col-100 elementor-top-column elementor-element elementor-element-980974d\" data-id=\"980974d\" data-element_type=\"column\" data-e-type=\"column\">\n\t\t\t<div class=\"elementor-widget-wrap elementor-element-populated\">\n\t\t\t\t\t\t<div class=\"elementor-element elementor-element-0323e7a elementor-widget-divider--view-line_text elementor-widget-divider--element-align-center elementor-widget elementor-widget-divider\" data-id=\"0323e7a\" data-element_type=\"widget\" data-e-type=\"widget\" data-widget_type=\"divider.default\">\n\t\t\t\t<div class=\"elementor-widget-container\">\n\t\t\t\t\t\t\t<div class=\"elementor-divider\">\n\t\t\t<span class=\"elementor-divider-separator\">\n\t\t\t\t\t\t\t<span class=\"elementor-divider__text elementor-divider__element\">\n\t\t\t\tEREDM\u00c9NYEIM\t\t\t\t<\/span>\n\t\t\t\t\t\t<\/span>\n\t\t<\/div>\n\t\t\t\t\t\t<\/div>\n\t\t\t\t<\/div>\n\t\t\t\t<div class=\"elementor-element elementor-element-49f9b08f elementor-widget elementor-widget-text-editor\" data-id=\"49f9b08f\" data-element_type=\"widget\" data-e-type=\"widget\" data-widget_type=\"text-editor.default\">\n\t\t\t\t<div class=\"elementor-widget-container\">\n\t\t\t\t\t\t\t\t\t<table width=\"100%\" cellspacing=\"0\" cellpadding=\"0\" border=\"0\" align=\"center\">\n<tbody>\n<tr>\n<td colspan=\"3\" bgcolor=\"#333333\">\n<div class=\"style1\" align=\"center\">2013<\/div><\/td>\n<\/tr>\n<tr>\n<td colspan=\"3\" bgcolor=\"#66CCFF\">\n<div align=\"center\"><strong>Kist\u00fara F-1600 \/ FIA CEZ 2013 \/ MNASZ Gyorsas\u00e1gi Orsz\u00e1gos Bajnoks\u00e1g 2013<\/strong><\/div><\/td>\n<\/tr>\n<tr>\n<td><\/td>\n<td>\n<div><strong>2013. okt\u00f3ber 11-13.<\/strong> Mogyor\u00f3d (HUN)\nHungaroring<\/div>\n<div>MGYOB\nIX.-X.-XI. futam<\/div>\n<div><\/div><\/td>\n<td>Id\u0151m\u00e9r\u00e9s 1. Verseny 1. Id\u0151m\u00e9r\u00e9s 2. Verseny 2. Id\u0151m\u00e9r\u00e9s 3. Verseny 3.<\/td>\n<\/tr>\n<tr>\n<td><\/td>\n<td>\n<div><strong>2013. szeptember 14-15.<\/strong> Slovakiaring (SK)<\/div>\n<div>MGYOB\nVII.-VIII. futam<\/div>\n<div><\/div><\/td>\n<td><a href=\"http:\/\/www.scribd.com\/doc\/186272204\/D4-2000-Qualifying-1\" target=\"_blank\" rel=\"noopener noreferrer\">Qualifying 1.<\/a> <a href=\"http:\/\/www.scribd.com\/doc\/186272213\/D4-2000-Race-1-Result\" target=\"_blank\" rel=\"noopener noreferrer\">Race 1.<\/a> <a href=\"http:\/\/www.scribd.com\/doc\/186272210\/D4-2000-Qualifying-2\" target=\"_blank\" rel=\"noopener noreferrer\">Qualifying 2.<\/a> <a href=\"http:\/\/www.scribd.com\/doc\/186272218\/D4-2000-Race-2-Result\" target=\"_blank\" rel=\"noopener noreferrer\">Race 2.<\/a><\/td>\n<\/tr>\n<tr>\n<td><\/td>\n<td>\n<div><strong>2013. augusztus 23-25.<\/strong> Slovakiaring (SK)<\/div>\n<div>FIA CEZ + MGYOB\nV.-VI. futam<\/div>\n<div><\/div><\/td>\n<td><a href=\"http:\/\/www.scribd.com\/doc\/163422429\/Slovakiaring-2000-1600-Qualifying-1\" target=\"_blank\" rel=\"noopener noreferrer\">Qualifying 1.<\/a>\n<a href=\"http:\/\/www.scribd.com\/doc\/163422437\/Slovakiaring-2000-1600-Race-1\" target=\"_blank\" rel=\"noopener noreferrer\">Race 1.<\/a>\n<a href=\"http:\/\/www.scribd.com\/doc\/163422422\/Slovakiaring-2000-1600-Qualifying-2\" target=\"_blank\" rel=\"noopener noreferrer\">Qualifying 2.<\/a>\n<a href=\"http:\/\/www.scribd.com\/doc\/163422440\/Slovakiaring-2000-1600-Race-2\" target=\"_blank\" rel=\"noopener noreferrer\">Race 2.<\/a><\/td>\n<\/tr>\n<tr>\n<td colspan=\"3\" bgcolor=\"#66CCFF\">\n<div align=\"center\"><strong>Suzuki Swift Kupa \/ MNASZ Gyorsas\u00e1gi Orsz\u00e1gos Bajnoks\u00e1g 2013<\/strong><\/div><\/td>\n<\/tr>\n<tr>\n<td><\/td>\n<td>\n<div><strong>2013. j\u00falius 5-7. <\/strong>Zeltweg (AT)\nRed Bull Ring<\/div>\n<div>Suzuki Swift Kupa V. &#8211; VI. futam<\/div>\n<div><\/div><\/td>\n<td><a href=\"https:\/\/www.scribd.com\/doc\/294729339\/Suzuki-Swift-Cup-2013-Red-Bull-Ring-Q\" target=\"_blank\" rel=\"noopener noreferrer\">Qualifying<\/a>\nSuperpole\n<a href=\"https:\/\/www.scribd.com\/doc\/294729479\/Suzuki-Swift-Cup-2013-Red-Bull-Ring-R1\" target=\"_blank\" rel=\"noopener noreferrer\">Race 1.<\/a>\n<a href=\"https:\/\/www.scribd.com\/doc\/294729636\/Suzuki-Swift-Cup-2013-Red-Bull-Ring-R2\" target=\"_blank\" rel=\"noopener noreferrer\">Race 2.<\/a><\/td>\n<\/tr>\n<tr>\n<td><\/td>\n<td>\n<div><strong>2013. j\u00fanius 14-16.<\/strong>Ostffyasszonyfa (HUN)\nPann\u00f3nia-Ring<\/div>\n<div>FIA CEZ + MGYOB\nIII.-IV. futam<\/div>\n<div><\/div><\/td>\n<td><a href=\"https:\/\/www.scribd.com\/doc\/294730004\/Suzuki-Swift-Kupa-2013-Pannoniaring-Q\" target=\"_blank\" rel=\"noopener noreferrer\">Qualifying<\/a>\n<a href=\"https:\/\/www.scribd.com\/doc\/294730090\/Suzuki-Swift-Kupa-2013-Pannoniaring-SuperPole\" target=\"_blank\" rel=\"noopener noreferrer\">Superpole<\/a>\n<a href=\"https:\/\/www.scribd.com\/doc\/294730117\/Suzuki-Swift-Kupa-2013-Pannoniaring-Race-1\" target=\"_blank\" rel=\"noopener noreferrer\">Race 1.<\/a>\n<a href=\"https:\/\/www.scribd.com\/doc\/294730142\/Suzuki-Swift-Kupa-2013-Pannoniaring-Race-2\">Race 2.<\/a><\/td>\n<\/tr>\n<tr>\n<td colspan=\"3\" bgcolor=\"#66CCFF\">\n<div align=\"center\"><strong>Kist\u00fara F-2000 \/ FIA CEZ 2013 \/ MNASZ Gyorsas\u00e1gi Orsz\u00e1gos Bajnoks\u00e1g 2013<\/strong><\/div><\/td>\n<\/tr>\n<tr>\n<td><\/td>\n<td>\n<div><strong>2013. \u00e1prilis 27-28.<\/strong>\nMogyor\u00f3d (HUN)\nHungaroring<\/div>\n<div>FIA CEZ + MGYOB\nI.-II. futam<\/div>\n<div><\/div><\/td>\n<td>Qualifying\n<a href=\"\/en\/results\/saturday.pdf\/\">Race 1.<\/a>\n<a href=\"\/en\/results\/sunday.pdf\/\">Race 2.<\/a><\/td>\n<\/tr>\n<tr>\n<td colspan=\"3\" bgcolor=\"#CCCCCC\"><\/td>\n<\/tr>\n<tr>\n<td colspan=\"3\" bgcolor=\"#FFFFFF\"><\/td>\n<\/tr>\n<tr>\n<td colspan=\"3\" bgcolor=\"#333333\">\n<div class=\"style1\" align=\"center\">2012<\/div><\/td>\n<\/tr>\n<tr bgcolor=\"#66CCFF\">\n<td colspan=\"3\">\n<div align=\"center\"><strong>RRC Suzuki Bio Kupa 2012 \/ MNASZ Gyorsas\u00e1gi Orsz\u00e1gos Bajnoks\u00e1g 2012<\/strong><\/div><\/td>\n<\/tr>\n<tr>\n<td><\/td>\n<td>\n<div><strong>2012.augusztus 24-26.<\/strong>\nZeltweg (AT)\nRed Bull Ring<\/div>\n<div>RRC Suzuki Bio Kupa + Suzuki Motorsport Cup Austria\nIX.-X. futam<\/div><\/td>\n<td><a href=\"\/en\/results\/Suzuki Cup Austria - Qualifying - per class.pdf\/\" target=\"_blank\" rel=\"noopener noreferrer\">Qualifying<\/a>\n<a href=\"\/en\/results\/Suzuki Cup Austria - Race 11 (R1) - per class.pdf\/\" target=\"_blank\" rel=\"noopener noreferrer\">Race 1.<\/a>\n<a href=\"\/en\/results\/Suzuki Cup Austria - Race 15 (R2) - per class.pdf\/\" target=\"_blank\" rel=\"noopener noreferrer\">Race 2.<\/a><\/td>\n<\/tr>\n<tr>\n<td><\/td>\n<td>\n<div><strong>2012. okt\u00f3ber 5-7.<\/strong>\nMogyor\u00f3d (HUN)\nHungaroring<\/div>\n<div>RRC Suzuki Bio Kupa + Suzuki Motorsport Cup Austria\nXI.-XII.-XIII. futam<\/div>\n<div><\/div><\/td>\n<td><a href=\"\/en\/results\/20121006_hungaroring_5kat.pdf\/\" target=\"_blank\" rel=\"noopener noreferrer\">Id\u0151m\u00e9r\u00e9s\nVerseny 1.\nVerseny 2.<\/a><\/td>\n<\/tr>\n<tr>\n<td colspan=\"3\" bgcolor=\"#CCCCCC\"><\/td>\n<\/tr>\n<tr bgcolor=\"#66CCFF\">\n<td colspan=\"3\">\n<div align=\"center\"><strong>Kist\u00fara F-2000 \/ MNASZ Gyorsas\u00e1gi Orsz\u00e1gos Bajnoks\u00e1g 2012<\/strong><\/div><\/td>\n<\/tr>\n<tr>\n<td><\/td>\n<td>\n<div><strong>2012. j\u00fanius 8-10<\/strong> .\nSlovakiaring (SK)<\/div>\n<div>MGYOB + SAMSIII.-IV. futam<\/div>\n<div><\/div><\/td>\n<td><a href=\"\/en\/results\/20120611-turaautok-q1-2000-min-1.pdf\/\" target=\"_blank\" rel=\"noopener noreferrer\">Qualifying<\/a>\n<a href=\"\/en\/results\/20120611-turaautok-r1-geposztaly-1.pdf\/\" target=\"_blank\" rel=\"noopener noreferrer\">Race 1.<\/a>\n<a href=\"\/en\/results\/20120611-turaautok-r2-geposztaly-1.pdf\/\" target=\"_blank\" rel=\"noopener noreferrer\">Race 2.<\/a><\/td>\n<\/tr>\n<tr>\n<td><\/td>\n<td>\n<div><strong>2012. augusztus 17-19.<\/strong>\nSlovakiaring (SK)<\/div>\n<div>MGYOB + FIA CEZ VII.-VIII. futam<\/div>\n<div><\/div><\/td>\n<td>Qualifying\n<a href=\"\/en\/results\/szombat.png\/\" target=\"_blank\" rel=\"noopener noreferrer\">Race 1.<\/a>\n<a href=\"\/en\/results\/vasarnap.png\/\" target=\"_blank\" rel=\"noopener noreferrer\">Race 2.<\/a><\/td>\n<\/tr>\n<tr>\n<td colspan=\"3\" bgcolor=\"#CCCCCC\"><\/td>\n<\/tr>\n<tr bgcolor=\"#66CCFF\">\n<td colspan=\"3\">\n<div align=\"center\"><strong>FIA ETCC 2012 \/ T\u00faraaut\u00f3 Eur\u00f3pa Bajnoks\u00e1g<\/strong><\/div><\/td>\n<\/tr>\n<tr>\n<td><\/td>\n<td>\n<div><strong>2012. m\u00e1rcius 9-11.<\/strong>\nMonza (IT)<\/div>\n<div>FIA ETCC\nI.-II. futam<\/div><\/td>\n<td><a href=\"http:\/\/timgabor.hu\/en\/gabortim2010\/?tag=monza\" target=\"_blank\" rel=\"noopener noreferrer\">Motorhiba<\/a><\/td>\n<\/tr>\n<tr>\n<td><\/td>\n<td>\n<div><strong>2012. \u00e1prilis 27-29.<\/strong>\nSlovakiaring (SK)\nFIA ETCC\nIII-IV. futam<\/div><\/td>\n<td><a href=\"http:\/\/timgabor.hu\/en\/gabortim2010\/?tag=slovakiaring&amp;cat=20\" target=\"_blank\" rel=\"noopener noreferrer\">Motorhiba<\/a><\/td>\n<\/tr>\n<tr>\n<td colspan=\"3\" bgcolor=\"#CCCCCC\"><\/td>\n<\/tr>\n<tr>\n<td colspan=\"3\" bgcolor=\"#333333\">\n<div class=\"style1\" align=\"center\">2011<\/div><\/td>\n<\/tr>\n<tr bgcolor=\"#66CCFF\">\n<td colspan=\"3\">\n<div align=\"center\"><span style=\"text-align: center;\"><strong>Duna-Aut\u00f3 Suzuki Bio Kupa 2011 <\/strong> <strong>MNASZ Gyorsas\u00e1gi Orsz\u00e1gos Bajnoks\u00e1g<\/strong><\/span><\/div><\/td>\n<\/tr>\n<tr>\n<td><\/td>\n<td>\n<div><strong>2011. \u00e1prilis 29.-m\u00e1jus 01.<\/strong>\nMogyor\u00f3d (HUN)\nHungaroring\nDuna-Aut\u00f3 Suzuki Bio Kupa\nI.-II. futam<\/div>\n<div><\/div>\n<div><\/div><\/td>\n<td><a href=\"\/en\/results\/20110430_suzuki_q.pdf\/\" target=\"_blank\" rel=\"noopener noreferrer\">Qualifying<\/a>\n<a href=\"\/en\/results\/20110430_suzuki_r1.pdf\/\" target=\"_blank\" rel=\"noopener noreferrer\">Race 1.<\/a>\n<a href=\"\/en\/results\/20110501_suzuki_r2.pdf\/\" target=\"_blank\" rel=\"noopener noreferrer\">Race 2.<\/a><\/td>\n<\/tr>\n<tr>\n<td><\/td>\n<td>\n<div><strong>2011. m\u00e1jus 20. &#8211; 22.<\/strong>\nZeltweg (AT)\nRed Bull Ring\nDuna-Aut\u00f3 Suzuki Bio Kupa + Suzuki Motorsport Cup Austria\nIII-IV. futam<\/div>\n<div><\/div><\/td>\n<td><a href=\"\/en\/results\/suzuki_biokupa_qualifying.pdf\/\" target=\"_blank\" rel=\"noopener noreferrer\">Qualifying<\/a>\n<a href=\"\/en\/results\/suzuki_biokupa_race1.pdf\/\" target=\"_blank\" rel=\"noopener noreferrer\">Race 1.<\/a>\n<a href=\"\/en\/results\/suzuki_biokupa_race2.pdf\/\" target=\"_blank\" rel=\"noopener noreferrer\">Race 2.<\/a><\/td>\n<\/tr>\n<tr>\n<td><\/td>\n<td><strong>2011. j\u00fanius 24-26.<\/strong>\nOrechov\u00e1 Pot\u00f4\u0148 (SK)\nSlovakiaring\nDuna-Aut\u00f3 Suzuki Bio Kupa + Suzuki Motorsport Cup Austria\nV.-VI. futam<\/td>\n<td><a href=\"http:\/\/www.magyar-autosport.hu\/gabortim2010\/results\/20110625-suzuki-kvali.pdf\" target=\"_blank\" rel=\"noopener noreferrer\">Qualifying\n<\/a><a href=\"http:\/\/www.magyar-autosport.hu\/gabortim2010\/results\/20110625-suzuki-bio-verseny-1.pdf\" target=\"_blank\" rel=\"noopener noreferrer\">Race 1.<\/a>\n<a href=\"http:\/\/www.magyar-autosport.hu\/gabortim2010\/results\/20110626-suzuki-bio-verseny-2.pdf\" target=\"_blank\" rel=\"noopener noreferrer\">Race 2.<\/a><\/td>\n<\/tr>\n<tr>\n<td><\/td>\n<td><strong>2011. augusztus 26-28.<\/strong>\nOstffyasszonyfa (HUN)\nPann\u00f3nia-Ring\nDuna-Aut\u00f3 Suzuki Bio Kupa + Suzuki Motorsport Cup Austria\nVII.-VIII. futam<\/td>\n<td><a href=\"http:\/\/www.magyar-autosport.hu\/gabortim2010\/results\/20110826_suzuki_q.pdf\" target=\"_blank\" rel=\"noopener noreferrer\">Qualifying<\/a>\n<a href=\"http:\/\/www.magyar-autosport.hu\/gabortim2010\/results\/20110827_suzuki_bio.pdf\">Race 1.<\/a>\n<a href=\"http:\/\/www.magyar-autosport.hu\/gabortim2010\/results\/20110828_suzuki_bio_r2.pdf\">Race 2.<\/a><\/td>\n<\/tr>\n<tr>\n<td><\/td>\n<td>\n<div><strong>2011. szeptember 16-18.<\/strong>\nMogyor\u00f3d (HUN)\nHungaroring\nDuna-Aut\u00f3 Suzuki Bio Kupa\nIX.-X. futam<\/div>\n<div><\/div><\/td>\n<td><a href=\"\/en\/results\/20110917_suzuki_bio_q.pdf\/\" target=\"_blank\" rel=\"noopener noreferrer\">Qualifying<\/a>\n<a href=\"\/en\/results\/20110917_suzuki_bio_r1.pdf\/\" target=\"_blank\" rel=\"noopener noreferrer\">Race 1.<\/a>\n<a href=\"\/en\/results\/20110918_suzuki_bio_r2.pdf\/\" target=\"_blank\" rel=\"noopener noreferrer\">Race 2.<\/a><\/td>\n<\/tr>\n<tr>\n<td><\/td>\n<td><strong>2011. okt\u00f3ber 14-15.<\/strong>\nPlainfeld (A)\nSalzburgring\nDuna-Aut\u00f3 Suzuki Bio Kupa + Suzuki Motorsport Cup Austria\nXI.-XII. futam<\/td>\n<td><a href=\"http:\/\/www.magyar-autosport.hu\/gabortim2010\/results\/20111014_suzuki_bio_q.pdf\" target=\"_blank\" rel=\"noopener noreferrer\">Qualifying<\/a>\n<a href=\"http:\/\/www.suzukikupa.hu\/hirek\/2011-10-15-toroltek-az-elso-futamot\" target=\"_blank\" rel=\"noopener noreferrer\">Verseny 1. (t\u00f6r\u00f6lve)<\/a>\n<a href=\"http:\/\/www.magyar-autosport.hu\/gabortim2010\/results\/20111015_suzuki_bio_r2.pdf\" target=\"_blank\" rel=\"noopener noreferrer\">Race 2.<\/a><\/td>\n<\/tr>\n<tr>\n<td colspan=\"3\" bgcolor=\"#CCCCCC\"><\/td>\n<\/tr>\n<tr>\n<td colspan=\"3\" bgcolor=\"#333333\">\n<div class=\"style1\" align=\"center\">2010<\/div><\/td>\n<\/tr>\n<tr bgcolor=\"#66CCFF\">\n<td colspan=\"3\">\n<div align=\"center\"><span style=\"text-align: center;\"><strong>Genex Suzuki Bio Kupa 2010 <\/strong> <strong>MNASZ Gyorsas\u00e1gi Orsz\u00e1gos Bajnoks\u00e1g<\/strong><\/span><\/div><\/td>\n<\/tr>\n<tr>\n<td><\/td>\n<td>\n<div><strong>2010. \u00e1prilis 30.-m\u00e1jus 02.<\/strong>\nMogyor\u00f3d (HUN)\nHungaroring\nGenex Suzuki Bio Kupa\nI.-II. futam<\/div>\n<div><\/div><\/td>\n<td><a href=\"http:\/\/www.simcompany.hu\/gabortim\/results\/suzuki1.pdf\" target=\"_blank\" rel=\"noopener noreferrer\">Qualifying<\/a>\n<a href=\"http:\/\/www.simcompany.hu\/gabortim\/results\/suzuki1.pdf\" target=\"_blank\" rel=\"noopener noreferrer\">Race 1.<\/a>\n<a href=\"http:\/\/www.simcompany.hu\/gabortim\/results\/suzuki2.pdf\" target=\"_blank\" rel=\"noopener noreferrer\">Race 2.<\/a><\/td>\n<\/tr>\n<tr>\n<td><\/td>\n<td>\n<div><strong>2010. m\u00e1jus 28-30.<\/strong>\nOstffyasszonyfa (HUN)\nPann\u00f3nia-Ring\nGenex Suzuki Bio Kupa + Suzuki Motorsport Cup Austria\nIII.-IV. futam<\/div>\n<div><\/div><\/td>\n<td><a href=\"http:\/\/magyar-autosport.hu\/gabortim\/Id%C5%91m%C3%A9r%C5%91%20Suzuki.pdf\" target=\"_blank\" rel=\"noopener noreferrer\">Qualifying<\/a>\n<a href=\"http:\/\/magyar-autosport.hu\/gabortim\/hivatalos%20OB%20Suzuki.pdf\" target=\"_blank\" rel=\"noopener noreferrer\">Race 1.<\/a>\n<a href=\"http:\/\/magyar-autosport.hu\/gabortim\/hiv.%20eredm%C3%A9ny%20OB%20SUZUKI.pdf\" target=\"_blank\" rel=\"noopener noreferrer\">Race 2.<\/a><\/td>\n<\/tr>\n<tr>\n<td><\/td>\n<td><strong>2010. j\u00fanius 26-27.<\/strong>\nOrechov\u00e1 Pot\u00f4\u0148 (SK)\nSlovakiaring\nGenex Suzuki Bio Kupa\nV.-VI. futam<\/td>\n<td><a href=\"http:\/\/www.magyar-autosport.hu\/gabortim2010\/suzuki\/100626_slovakiaring_suzuki_idomero.pdf\" target=\"_blank\" rel=\"noopener noreferrer\">Qualifying<\/a>\n<a href=\"http:\/\/www.magyar-autosport.hu\/gabortim2010\/suzuki\/100626_slovakiaring_suzuki_szombat.pdf\" target=\"_blank\" rel=\"noopener noreferrer\">Race 1.<\/a>\n<a href=\"http:\/\/www.magyar-autosport.hu\/gabortim2010\/suzuki\/100626_slovakiaring_suzuki_szombat.pdf\" target=\"_blank\" rel=\"noopener noreferrer\">Race 2.<\/a><\/td>\n<\/tr>\n<tr>\n<td><\/td>\n<td><strong>2010. augusztus 27-29.<\/strong>\nOstffyasszonyfa (HUN)\nPann\u00f3nia-Ring\nGenex Suzuki Bio Kupa + Suzuki Motorsport Cup Austria\nVII.-VIII. futam<\/td>\n<td><a href=\"http:\/\/www.magyar-autosport.hu\/gabortim2010\/suzuki\/pannonia2_suzuki_idomeres.pdf\" target=\"_blank\" rel=\"noopener noreferrer\">Qualifying<\/a>\n<a href=\"http:\/\/www.magyar-autosport.hu\/gabortim2010\/suzuki\/suzuki_VII_fordulo.pdf\" target=\"_blank\" rel=\"noopener noreferrer\">Race 1.<\/a>\n<a href=\"http:\/\/www.magyar-autosport.hu\/gabortim2010\/suzuki\/20100829_suzuki_VIII_fordulo.pdf\" target=\"_blank\" rel=\"noopener noreferrer\">Race 2.<\/a><\/td>\n<\/tr>\n<tr>\n<td><\/td>\n<td><strong>2010. szeptember 24-26.<\/strong>\nPlainfeld (A)\nSalzburgring\nGenex Suzuki Bio Kupa + Suzuki Motorsport Cup Austria\nIX.-X. futam<\/td>\n<td><a href=\"http:\/\/www.magyar-autosport.hu\/gabortim2010\/suzuki\/20100926_suzuki_idomero.pdf\" target=\"_blank\" rel=\"noopener noreferrer\">Qualifying<\/a>\n<a href=\"http:\/\/www.magyar-autosport.hu\/gabortim2010\/suzuki\/20100926_suzuki_9_fordulo.pdf\" target=\"_blank\" rel=\"noopener noreferrer\">Race 1.<\/a>\n<a href=\"http:\/\/www.magyar-autosport.hu\/gabortim2010\/suzuki\/20100926_suzuki_10_fordulo_koridok.pdf\" target=\"_blank\" rel=\"noopener noreferrer\">Race 2.<\/a><\/td>\n<\/tr>\n<\/tbody>\n<\/table>\t\t\t\t\t\t\t\t<\/div>\n\t\t\t\t<\/div>\n\t\t\t\t\t<\/div>\n\t\t<\/div>\n\t\t\t\t\t<\/div>\n\t\t<\/section>\n\t\t\t\t<\/div>","protected":false},"excerpt":{"rendered":"<p>EREDM\u00c9NYEIM 2013 Kist\u00fara F-1600 \/ FIA CEZ 2013 \/ MNASZ Gyorsas\u00e1gi Orsz\u00e1gos Bajnoks\u00e1g 2013 2013. okt\u00f3ber 11-13. Mogyor\u00f3d (HUN) Hungaroring MGYOB IX.-X.-XI. futam Id\u0151m\u00e9r\u00e9s 1. Verseny 1. Id\u0151m\u00e9r\u00e9s 2. Verseny 2. Id\u0151m\u00e9r\u00e9s 3. Verseny 3. 2013. szeptember 14-15. Slovakiaring (SK) MGYOB VII.-VIII. futam Id\u0151m\u00e9r\u00e9s 1. Verseny 1. Id\u0151m\u00e9r\u00e9s 2. Verseny 2. 2013. augusztus 23-25. Slovakiaring [&hellip;]<\/p>\n","protected":false},"author":1,"featured_media":0,"parent":0,"menu_order":0,"comment_status":"open","ping_status":"open","template":"elementor_header_footer","meta":{"footnotes":""},"class_list":["post-641","page","type-page","status-publish","hentry"],"yoast_head":"<!-- This site is optimized with the Yoast SEO plugin v27.4 - https:\/\/yoast.com\/product\/yoast-seo-wordpress\/ -->\n<title>Eredm\u00e9nyek 2010-2013 - TimGabor.hu<\/title>\n<meta name=\"robots\" content=\"index, follow, max-snippet:-1, max-image-preview:large, max-video-preview:-1\" \/>\n<link rel=\"canonical\" href=\"https:\/\/timgabor.hu\/en\/eredmenyek2020\/\" \/>\n<meta property=\"og:locale\" content=\"en_GB\" \/>\n<meta property=\"og:type\" content=\"article\" \/>\n<meta property=\"og:title\" content=\"Eredm\u00e9nyek 2010-2013 - TimGabor.hu\" \/>\n<meta property=\"og:description\" content=\"EREDM\u00c9NYEIM 2013 Kist\u00fara F-1600 \/ FIA CEZ 2013 \/ MNASZ Gyorsas\u00e1gi Orsz\u00e1gos Bajnoks\u00e1g 2013 2013. okt\u00f3ber 11-13. Mogyor\u00f3d (HUN) Hungaroring MGYOB IX.-X.-XI. futam Id\u0151m\u00e9r\u00e9s 1. Verseny 1. Id\u0151m\u00e9r\u00e9s 2. Verseny 2. Id\u0151m\u00e9r\u00e9s 3. Verseny 3. 2013. szeptember 14-15. Slovakiaring (SK) MGYOB VII.-VIII. futam Id\u0151m\u00e9r\u00e9s 1. Verseny 1. Id\u0151m\u00e9r\u00e9s 2. Verseny 2. 2013. augusztus 23-25. Slovakiaring [&hellip;]\" \/>\n<meta property=\"og:url\" content=\"https:\/\/timgabor.hu\/en\/eredmenyek2020\/\" \/>\n<meta property=\"og:site_name\" content=\"TimGabor.hu\" \/>\n<meta property=\"article:modified_time\" content=\"2022-04-09T14:43:47+00:00\" \/>\n<meta name=\"twitter:card\" content=\"summary_large_image\" \/>\n<meta name=\"twitter:label1\" content=\"Est. reading time\" \/>\n\t<meta name=\"twitter:data1\" content=\"3 minutes\" \/>\n<script type=\"application\/ld+json\" class=\"yoast-schema-graph\">{\"@context\":\"https:\\\/\\\/schema.org\",\"@graph\":[{\"@type\":\"WebPage\",\"@id\":\"https:\\\/\\\/timgabor.hu\\\/eredmenyek2020\\\/\",\"url\":\"https:\\\/\\\/timgabor.hu\\\/eredmenyek2020\\\/\",\"name\":\"Eredm\u00e9nyek 2010-2013 - TimGabor.hu\",\"isPartOf\":{\"@id\":\"https:\\\/\\\/timgabor.hu\\\/#website\"},\"datePublished\":\"2010-05-26T15:46:39+00:00\",\"dateModified\":\"2022-04-09T14:43:47+00:00\",\"breadcrumb\":{\"@id\":\"https:\\\/\\\/timgabor.hu\\\/eredmenyek2020\\\/#breadcrumb\"},\"inLanguage\":\"en-GB\",\"potentialAction\":[{\"@type\":\"ReadAction\",\"target\":[\"https:\\\/\\\/timgabor.hu\\\/eredmenyek2020\\\/\"]}]},{\"@type\":\"BreadcrumbList\",\"@id\":\"https:\\\/\\\/timgabor.hu\\\/eredmenyek2020\\\/#breadcrumb\",\"itemListElement\":[{\"@type\":\"ListItem\",\"position\":1,\"name\":\"Kezd\u0151lap\",\"item\":\"https:\\\/\\\/timgabor.hu\\\/\"},{\"@type\":\"ListItem\",\"position\":2,\"name\":\"Eredm\u00e9nyek 2010-2013\"}]},{\"@type\":\"WebSite\",\"@id\":\"https:\\\/\\\/timgabor.hu\\\/#website\",\"url\":\"https:\\\/\\\/timgabor.hu\\\/\",\"name\":\"TimGabor.hu\",\"description\":\"Tim G\u00e1bor hivatalos weboldala \\\/ H\u00e9tszeres bajnok aut\u00f3versenyz\u0151\",\"publisher\":{\"@id\":\"https:\\\/\\\/timgabor.hu\\\/#\\\/schema\\\/person\\\/226226f5bdfe2a1cf1501afbb75ebd6a\"},\"potentialAction\":[{\"@type\":\"SearchAction\",\"target\":{\"@type\":\"EntryPoint\",\"urlTemplate\":\"https:\\\/\\\/timgabor.hu\\\/?s={search_term_string}\"},\"query-input\":{\"@type\":\"PropertyValueSpecification\",\"valueRequired\":true,\"valueName\":\"search_term_string\"}}],\"inLanguage\":\"en-GB\"},{\"@type\":[\"Person\",\"Organization\"],\"@id\":\"https:\\\/\\\/timgabor.hu\\\/#\\\/schema\\\/person\\\/226226f5bdfe2a1cf1501afbb75ebd6a\",\"name\":\"emerico\",\"image\":{\"@type\":\"ImageObject\",\"inLanguage\":\"en-GB\",\"@id\":\"https:\\\/\\\/timgabor.hu\\\/wp-content\\\/uploads\\\/2021\\\/09\\\/timgabor2022-350x100-1.svg\",\"url\":\"https:\\\/\\\/timgabor.hu\\\/wp-content\\\/uploads\\\/2021\\\/09\\\/timgabor2022-350x100-1.svg\",\"contentUrl\":\"https:\\\/\\\/timgabor.hu\\\/wp-content\\\/uploads\\\/2021\\\/09\\\/timgabor2022-350x100-1.svg\",\"width\":350,\"height\":100,\"caption\":\"emerico\"},\"logo\":{\"@id\":\"https:\\\/\\\/timgabor.hu\\\/wp-content\\\/uploads\\\/2021\\\/09\\\/timgabor2022-350x100-1.svg\"}}]}<\/script>\n<!-- \/ Yoast SEO plugin. -->","yoast_head_json":{"title":"Eredm\u00e9nyek 2010-2013 - TimGabor.hu","robots":{"index":"index","follow":"follow","max-snippet":"max-snippet:-1","max-image-preview":"max-image-preview:large","max-video-preview":"max-video-preview:-1"},"canonical":"https:\/\/timgabor.hu\/en\/eredmenyek2020\/","og_locale":"en_GB","og_type":"article","og_title":"Eredm\u00e9nyek 2010-2013 - TimGabor.hu","og_description":"EREDM\u00c9NYEIM 2013 Kist\u00fara F-1600 \/ FIA CEZ 2013 \/ MNASZ Gyorsas\u00e1gi Orsz\u00e1gos Bajnoks\u00e1g 2013 2013. okt\u00f3ber 11-13. Mogyor\u00f3d (HUN) Hungaroring MGYOB IX.-X.-XI. futam Id\u0151m\u00e9r\u00e9s 1. Verseny 1. Id\u0151m\u00e9r\u00e9s 2. Verseny 2. Id\u0151m\u00e9r\u00e9s 3. Verseny 3. 2013. szeptember 14-15. Slovakiaring (SK) MGYOB VII.-VIII. futam Id\u0151m\u00e9r\u00e9s 1. Verseny 1. Id\u0151m\u00e9r\u00e9s 2. Verseny 2. 2013. augusztus 23-25. Slovakiaring [&hellip;]","og_url":"https:\/\/timgabor.hu\/en\/eredmenyek2020\/","og_site_name":"TimGabor.hu","article_modified_time":"2022-04-09T14:43:47+00:00","twitter_card":"summary_large_image","twitter_misc":{"Est. reading time":"3 minutes"},"schema":{"@context":"https:\/\/schema.org","@graph":[{"@type":"WebPage","@id":"https:\/\/timgabor.hu\/eredmenyek2020\/","url":"https:\/\/timgabor.hu\/eredmenyek2020\/","name":"Eredm\u00e9nyek 2010-2013 - TimGabor.hu","isPartOf":{"@id":"https:\/\/timgabor.hu\/#website"},"datePublished":"2010-05-26T15:46:39+00:00","dateModified":"2022-04-09T14:43:47+00:00","breadcrumb":{"@id":"https:\/\/timgabor.hu\/eredmenyek2020\/#breadcrumb"},"inLanguage":"en-GB","potentialAction":[{"@type":"ReadAction","target":["https:\/\/timgabor.hu\/eredmenyek2020\/"]}]},{"@type":"BreadcrumbList","@id":"https:\/\/timgabor.hu\/eredmenyek2020\/#breadcrumb","itemListElement":[{"@type":"ListItem","position":1,"name":"Kezd\u0151lap","item":"https:\/\/timgabor.hu\/"},{"@type":"ListItem","position":2,"name":"Eredm\u00e9nyek 2010-2013"}]},{"@type":"WebSite","@id":"https:\/\/timgabor.hu\/#website","url":"https:\/\/timgabor.hu\/","name":"TimGabor.hu","description":"Tim G\u00e1bor hivatalos weboldala \/ H\u00e9tszeres bajnok aut\u00f3versenyz\u0151","publisher":{"@id":"https:\/\/timgabor.hu\/#\/schema\/person\/226226f5bdfe2a1cf1501afbb75ebd6a"},"potentialAction":[{"@type":"SearchAction","target":{"@type":"EntryPoint","urlTemplate":"https:\/\/timgabor.hu\/?s={search_term_string}"},"query-input":{"@type":"PropertyValueSpecification","valueRequired":true,"valueName":"search_term_string"}}],"inLanguage":"en-GB"},{"@type":["Person","Organization"],"@id":"https:\/\/timgabor.hu\/#\/schema\/person\/226226f5bdfe2a1cf1501afbb75ebd6a","name":"emerico","image":{"@type":"ImageObject","inLanguage":"en-GB","@id":"https:\/\/timgabor.hu\/wp-content\/uploads\/2021\/09\/timgabor2022-350x100-1.svg","url":"https:\/\/timgabor.hu\/wp-content\/uploads\/2021\/09\/timgabor2022-350x100-1.svg","contentUrl":"https:\/\/timgabor.hu\/wp-content\/uploads\/2021\/09\/timgabor2022-350x100-1.svg","width":350,"height":100,"caption":"emerico"},"logo":{"@id":"https:\/\/timgabor.hu\/wp-content\/uploads\/2021\/09\/timgabor2022-350x100-1.svg"}}]}},"_links":{"self":[{"href":"http:\/\/timgabor.hu\/en\/wp-json\/wp\/v2\/pages\/641","targetHints":{"allow":["GET"]}}],"collection":[{"href":"http:\/\/timgabor.hu\/en\/wp-json\/wp\/v2\/pages"}],"about":[{"href":"http:\/\/timgabor.hu\/en\/wp-json\/wp\/v2\/types\/page"}],"author":[{"embeddable":true,"href":"http:\/\/timgabor.hu\/en\/wp-json\/wp\/v2\/users\/1"}],"replies":[{"embeddable":true,"href":"http:\/\/timgabor.hu\/en\/wp-json\/wp\/v2\/comments?post=641"}],"version-history":[{"count":79,"href":"http:\/\/timgabor.hu\/en\/wp-json\/wp\/v2\/pages\/641\/revisions"}],"predecessor-version":[{"id":7246,"href":"http:\/\/timgabor.hu\/en\/wp-json\/wp\/v2\/pages\/641\/revisions\/7246"}],"wp:attachment":[{"href":"http:\/\/timgabor.hu\/en\/wp-json\/wp\/v2\/media?parent=641"}],"curies":[{"name":"wp","href":"https:\/\/api.w.org\/{rel}","templated":true}]}}